{"id":1025140,"date":"2025-07-23T11:31:49","date_gmt":"2025-07-23T09:31:49","guid":{"rendered":"https:\/\/centre-francais.de\/?post_type=ajde_events&#038;p=1025140"},"modified":"2025-11-10T12:49:10","modified_gmt":"2025-11-10T11:49:10","slug":"anmeldung-19-jahrestreffen-des-dipa-netzwerks","status":"publish","type":"ajde_events","link":"https:\/\/centre-francais.de\/de\/events\/anmeldung-19-jahrestreffen-des-dipa-netzwerks\/","title":{"rendered":"\ud83d\udce2[25.11 &#8211; 27.11] 19. Jahrestreffen des DiPa-Netzwerks"},"content":{"rendered":"<div class=\"x14z9mp xat24cr x1lziwak x1vvkbs xtlvy1s x126k92a\">\n<div dir=\"auto\">\n<p data-start=\"105\" data-end=\"168\"><span style=\"color: #ff0000;\"><em><strong>Die Anmeldungen sind geschlossen. Vielen Dank f\u00fcr das gro\u00dfe Interesse und die zahlreichen Anmeldungen!<\/strong><\/em><\/span><\/p>\n<p data-start=\"105\" data-end=\"168\">\ud83d\udcc5 <strong data-start=\"108\" data-end=\"133\">25.\u201327. November 2025<\/strong> | <strong>Nogent-sur-Marne<\/strong> (\u00cele-de-France)<\/p>\n<p data-start=\"105\" data-end=\"168\"><em>Um umweltfreundliches Reisen zu f\u00f6rdern, werden die Tage des <strong>24. und 28. November<\/strong> dem Reisen gewidmet.<\/em><\/p>\n<p data-start=\"170\" data-end=\"387\">Das <strong>Netzwerk Diversit\u00e4t und Partizipation (DiPa<\/strong>) ist eine Plattform, die<strong> Einzelpersonen und Organisationen aus Berlin\/Brandenburg und Paris\/\u00cele-de-France<\/strong> zusammenbringt, die haupt- oder ehrenamtlich, <strong>au\u00dferschulisch<\/strong>,<strong> im Rahmen beruflicher Eingliederung<\/strong> oder <strong>schulisch<\/strong> mit jungen Menschen arbeiten, die <strong>erschwerten Zugang zu internationaler Mobilit\u00e4t<\/strong> haben.<\/p>\n<p data-start=\"389\" data-end=\"419\">\ud83c\udf0d <strong data-start=\"392\" data-end=\"417\">Wir treffen uns, um :<\/strong><\/p>\n<p data-start=\"422\" data-end=\"485\">\ud83d\udd39 inspirierende deutsch-franz\u00f6sische Projekte kennenzulernen<\/p>\n<p data-start=\"488\" data-end=\"533\">\ud83d\udd39 uns \u00fcber Praxiserfahrungen auszutauschen<\/p>\n<p data-start=\"536\" data-end=\"600\">\ud83d\udd39 Partner\u00b7innen zu finden &amp; gemeinsame Projekte zu entwickeln<\/p>\n<p data-start=\"603\" data-end=\"673\">\ud83d\udd39 uns zu Projektp\u00e4dagogik &amp; F\u00f6rderantr\u00e4gen beim DFJW weiterzubilden<\/p>\n<p data-start=\"676\" data-end=\"757\">\ud83d\udd39 die Stimme der Jugendfachkr\u00e4fte gegen\u00fcber Entscheider\u00b7innen h\u00f6rbar zu machen<\/p>\n<p data-start=\"760\" data-end=\"830\">\ud83d\udd39 ein neues Umfeld zu entdecken &amp; lokale Organisationen zu besuchen<\/p>\n<p data-start=\"833\" data-end=\"893\">\ud83d\udd39 und nat\u00fcrlich: um sch\u00f6ne Begegnungen zusammen zu erleben!<\/p>\n<p data-start=\"1126\" data-end=\"1262\">\ud83d\udcfd\ufe0f Neugierig? <span style=\"color: #0000ff;\"><a style=\"color: #0000ff;\" href=\"https:\/\/www.youtube.com\/watch?v=wXY_DU31Fcg\" target=\"_blank\" rel=\"noopener\">Schaut euch unser Video an\u00a0<\/a><\/span><\/p>\n<p data-start=\"1126\" data-end=\"1262\">\ud83d\udcdd <strong>Meldet euch jetzt an<\/strong> :<span style=\"color: #0000ff;\"> <a style=\"color: #0000ff;\" href=\"https:\/\/centre-francais.de\/wp-content\/uploads\/2025\/08\/Einladung-DiPa-2025.pdf\">Programm, praktische Infos und Link zum Anmeldeformular<\/a><\/span> &#8211; <em>Anmeldefrist 24.10.<\/em><\/p>\n<p data-start=\"1264\" data-end=\"1417\">\ud83d\udce9 Fragen ? Schreibt uns: <strong data-start=\"1325\" data-end=\"1352\"><a class=\"cursor-pointer\" rel=\"noopener\" data-start=\"1327\" data-end=\"1350\">dipa @ centre-francais.de<\/a><\/strong><\/p>\n<p data-start=\"1264\" data-end=\"1417\">\n<\/div>\n<p data-start=\"1264\" data-end=\"1417\"><img loading=\"lazy\" decoding=\"async\" class=\"alignnone wp-image-1025331 \" src=\"https:\/\/centre-francais.de\/wp-content\/uploads\/2025\/08\/Visuel-Reseau-Dipa-Banniere.png\" alt=\"\" width=\"717\" height=\"403\" srcset=\"https:\/\/centre-francais.de\/wp-content\/uploads\/2025\/08\/Visuel-Reseau-Dipa-Banniere.png 1920w, https:\/\/centre-francais.de\/wp-content\/uploads\/2025\/08\/Visuel-Reseau-Dipa-Banniere-300x169.png 300w, https:\/\/centre-francais.de\/wp-content\/uploads\/2025\/08\/Visuel-Reseau-Dipa-Banniere-1024x576.png 1024w, https:\/\/centre-francais.de\/wp-content\/uploads\/2025\/08\/Visuel-Reseau-Dipa-Banniere-768x432.png 768w, https:\/\/centre-francais.de\/wp-content\/uploads\/2025\/08\/Visuel-Reseau-Dipa-Banniere-1536x864.png 1536w\" sizes=\"(max-width: 717px) 100vw, 717px\" \/><\/p>\n<div dir=\"auto\">\n<hr data-start=\"1419\" data-end=\"1422\" \/>\n<p data-start=\"1424\" data-end=\"1563\"><strong data-start=\"1424\" data-end=\"1440\">Organisation<\/strong> :<br data-start=\"1442\" data-end=\"1445\" \/>Centre Fran\u00e7ais de Berlin, Peuple et Culture, Jugendbildungszentrum Blossin e.V., Maison de l&#8217;Europe du Val de Marne<\/p>\n<p data-start=\"1565\" data-end=\"1697\"><strong data-start=\"1565\" data-end=\"1597\">Zusammenarbeit<\/strong> :<br data-start=\"1599\" data-end=\"1602\" \/>Mission Locale De La Marne Aux Bois, Mission Locale Gagny Villemomble les Pavillons sous Bois<\/p>\n<p data-start=\"1699\" data-end=\"1811\"><strong data-start=\"1699\" data-end=\"1748\">Finanzielle Unterst\u00fctzung<\/strong> :<br data-start=\"1750\" data-end=\"1753\" \/>DFJW, DRAJES \u00cele-de-France, Stadt Nogent-sur-Marne<\/p>\n<\/div>\n<\/div>\n<div class=\"x14z9mp xat24cr x1lziwak x1vvkbs xtlvy1s x126k92a\"><\/div>\n","protected":false},"author":11,"featured_media":1025335,"menu_order":0,"comment_status":"closed","ping_status":"closed","template":"","meta":[],"tags":[],"event_type":[87],"event_type_2":[],"class_list":{"0":"post-1025140","1":"ajde_events","2":"type-ajde_events","3":"status-publish","4":"has-post-thumbnail","6":"event_organizer-centre-francais-de-berlin","7":"event_type-divers"},"_links":{"self":[{"href":"https:\/\/centre-francais.de\/de\/wp-json\/wp\/v2\/ajde_events\/1025140"}],"collection":[{"href":"https:\/\/centre-francais.de\/de\/wp-json\/wp\/v2\/ajde_events"}],"about":[{"href":"https:\/\/centre-francais.de\/de\/wp-json\/wp\/v2\/types\/ajde_events"}],"author":[{"embeddable":true,"href":"https:\/\/centre-francais.de\/de\/wp-json\/wp\/v2\/users\/11"}],"replies":[{"embeddable":true,"href":"https:\/\/centre-francais.de\/de\/wp-json\/wp\/v2\/comments?post=1025140"}],"wp:featuredmedia":[{"embeddable":true,"href":"https:\/\/centre-francais.de\/de\/wp-json\/wp\/v2\/media\/1025335"}],"wp:attachment":[{"href":"https:\/\/centre-francais.de\/de\/wp-json\/wp\/v2\/media?parent=1025140"}],"wp:term":[{"taxonomy":"post_tag","embeddable":true,"href":"https:\/\/centre-francais.de\/de\/wp-json\/wp\/v2\/tags?post=1025140"},{"taxonomy":"event_type","embeddable":true,"href":"https:\/\/centre-francais.de\/de\/wp-json\/wp\/v2\/event_type?post=1025140"},{"taxonomy":"event_type_2","embeddable":true,"href":"https:\/\/centre-francais.de\/de\/wp-json\/wp\/v2\/event_type_2?post=1025140"}],"curies":[{"name":"wp","href":"https:\/\/api.w.org\/{rel}","templated":true}]}}