{"id":1026540,"date":"2026-01-15T15:29:40","date_gmt":"2026-01-15T14:29:40","guid":{"rendered":"https:\/\/centre-francais.de\/de\/?post_type=ajde_events&#038;p=1026540"},"modified":"2026-03-05T09:56:38","modified_gmt":"2026-03-05T08:56:38","slug":"gastfamilien-gesucht","status":"publish","type":"ajde_events","link":"https:\/\/centre-francais.de\/de\/events\/gastfamilien-gesucht\/","title":{"rendered":"[2026\/2027] Gastfamilien gesucht"},"content":{"rendered":"<p>&nbsp;<\/p>\n<p><img loading=\"lazy\" decoding=\"async\" class=\"aligncenter wp-image-1026576 size-full\" src=\"https:\/\/centre-francais.de\/wp-content\/uploads\/2026\/01\/Brevo-Newsletter-Header-11.png\" alt=\"gastfamilien gesucht berlin\" width=\"1200\" height=\"352\" srcset=\"https:\/\/centre-francais.de\/wp-content\/uploads\/2026\/01\/Brevo-Newsletter-Header-11.png 1200w, https:\/\/centre-francais.de\/wp-content\/uploads\/2026\/01\/Brevo-Newsletter-Header-11-300x88.png 300w, https:\/\/centre-francais.de\/wp-content\/uploads\/2026\/01\/Brevo-Newsletter-Header-11-1024x300.png 1024w, https:\/\/centre-francais.de\/wp-content\/uploads\/2026\/01\/Brevo-Newsletter-Header-11-768x225.png 768w\" sizes=\"(max-width: 1200px) 100vw, 1200px\" \/><\/p>\n<h2>Gastfamilien gesucht!<\/h2>\n<p id=\"ember1106\" class=\"ember-view reader-text-block__paragraph\">Wir suchen nette Gastfamilien f\u00fcr das Schuljahr 2026\/2027 <strong>ab Ende August f\u00fcr (16-17 Jahre alte) Austauschsch\u00fcler*innen aus Oslo\/Norwegen<\/strong>, die in Berlin die elfte Klasse besuchen werden.<\/p>\n<p id=\"ember1107\" class=\"ember-view reader-text-block__paragraph\">F\u00fcr das Zimmer, Vollverpflegung und Internetanschluss wird eine <strong><span style=\"color: #339966;\">Entsch\u00e4digung <\/span><span style=\"color: #339966;\">in H\u00f6he von 700\u20ac pro Monat<\/span> <\/strong>gezahlt.<\/p>\n<p id=\"ember1108\" class=\"ember-view reader-text-block__paragraph\">Erleben Sie Europa bei sich zuhause.\u00a0 Bei Interesse gerne melden: <span style=\"color: #0000ff;\"><a class=\"kEHrYFfkQrKZbZEgAwHDlVXbphQcpizHXBM \" style=\"color: #0000ff;\" tabindex=\"0\" href=\"mailto:mobil@centre-francais.de\" target=\"_self\" rel=\"noopener\" data-test-app-aware-link=\"\"><strong>mobil@centre-francais.de<\/strong><\/a><\/span> \/<strong> +49 30 120 860 331<\/strong><\/p>\n<p data-start=\"0\" data-end=\"41\">Wir suchen insgesamt <strong data-start=\"21\" data-end=\"40\">30 Gastfamilien<\/strong>!<\/p>\n<p id=\"ember1109\" class=\"ember-view reader-text-block__paragraph\">\ud83d\udc49Ich bin interessiert: ich schreibe an: <span style=\"color: #0000ff;\"><a class=\"kEHrYFfkQrKZbZEgAwHDlVXbphQcpizHXBM \" style=\"color: #0000ff;\" tabindex=\"0\" href=\"mailto:mobil@centre-francais.de\" target=\"_self\" rel=\"noopener\" data-test-app-aware-link=\"\">mobil@centre-francais.de<\/a><br \/>\n<\/span>oder f\u00fclle <span style=\"color: #0000ff;\"><a style=\"color: #0000ff;\" href=\"https:\/\/framaforms.org\/gastfamilie-gesucht-1768980187\" target=\"_blank\" rel=\"noopener\">dieses Formular<\/a><\/span> <span style=\"color: #ff0000;\"><strong data-start=\"143\" data-end=\"180\">bis einschlie\u00dflich 30. April 2026<\/strong><\/span>\u00a0aus:<\/p>\n<p>\ud83d\udc49Ich kann selbst leider nicht, aber<strong><a href=\"https:\/\/framaforms.org\/gastfamilie-gesucht-1768980187\" target=\"_blank\" rel=\"noopener\"> ich leite es gerne weiter<\/a><\/strong>!<\/p>\n<p><iframe loading=\"lazy\" src=\"https:\/\/framaforms.org\/gastfamilie-gesucht-1768980187\" width=\"100%\" height=\"800\"><span data-mce-type=\"bookmark\" style=\"display: inline-block; width: 0px; overflow: hidden; line-height: 0;\" class=\"mce_SELRES_start\"><span data-mce-type=\"bookmark\" style=\"display: inline-block; width: 0px; overflow: hidden; line-height: 0;\" class=\"mce_SELRES_end\">\ufeff<\/span>\ufeff<\/span><\/iframe><\/p>\n<p id=\"ember1110\" class=\"ember-view reader-text-block__paragraph\"><em>[Das <a href=\"https:\/\/centre-francais.de\/de\">Centre Fran\u00e7ais de Berlin<\/a> ist eine gemeinn\u00fctzige Einrichtung, die im Bereich der internationalen Jugendarbeit und des Sch\u00fcleraustauschs f\u00fcr das Land Berlin aktiv ist.]<\/em><\/p>\n","protected":false},"author":11,"featured_media":1026544,"menu_order":0,"comment_status":"closed","ping_status":"closed","template":"","meta":[],"tags":[],"event_type":[130,175,187,98],"event_type_2":[],"class_list":{"0":"post-1026540","1":"ajde_events","2":"type-ajde_events","3":"status-publish","4":"has-post-thumbnail","6":"event_type-mobilite-professionnelle-berufliche-mobilitat","7":"event_type-volontariat-freiwilligendienst","8":"event_type-formation-ausbildung","9":"event_type-echange"},"_links":{"self":[{"href":"https:\/\/centre-francais.de\/de\/wp-json\/wp\/v2\/ajde_events\/1026540"}],"collection":[{"href":"https:\/\/centre-francais.de\/de\/wp-json\/wp\/v2\/ajde_events"}],"about":[{"href":"https:\/\/centre-francais.de\/de\/wp-json\/wp\/v2\/types\/ajde_events"}],"author":[{"embeddable":true,"href":"https:\/\/centre-francais.de\/de\/wp-json\/wp\/v2\/users\/11"}],"replies":[{"embeddable":true,"href":"https:\/\/centre-francais.de\/de\/wp-json\/wp\/v2\/comments?post=1026540"}],"wp:featuredmedia":[{"embeddable":true,"href":"https:\/\/centre-francais.de\/de\/wp-json\/wp\/v2\/media\/1026544"}],"wp:attachment":[{"href":"https:\/\/centre-francais.de\/de\/wp-json\/wp\/v2\/media?parent=1026540"}],"wp:term":[{"taxonomy":"post_tag","embeddable":true,"href":"https:\/\/centre-francais.de\/de\/wp-json\/wp\/v2\/tags?post=1026540"},{"taxonomy":"event_type","embeddable":true,"href":"https:\/\/centre-francais.de\/de\/wp-json\/wp\/v2\/event_type?post=1026540"},{"taxonomy":"event_type_2","embeddable":true,"href":"https:\/\/centre-francais.de\/de\/wp-json\/wp\/v2\/event_type_2?post=1026540"}],"curies":[{"name":"wp","href":"https:\/\/api.w.org\/{rel}","templated":true}]}}